{"id":4436,"date":"2020-01-10T11:00:38","date_gmt":"2020-01-10T10:00:38","guid":{"rendered":"http:\/\/v31.es\/booksonline\/?post_type=product&#038;p=4436"},"modified":"2021-12-27T13:06:14","modified_gmt":"2021-12-27T12:06:14","slug":"historia-de-aragon","status":"publish","type":"product","link":"https:\/\/v31.es\/booksonline\/producto\/historia-de-aragon\/","title":{"rendered":"Historia de Arag\u00f3n"},"content":{"rendered":"<p>Nac\u00ed en Monz\u00f3n, que no es poco, hace casi tres d\u00e9cadas.<\/p>\n<div class='et-learn-more clearfix'>\n\t\t\t\t\t<h3 class='heading-more'>Leer m\u00e1s<span class='et_learnmore_arrow'><span><\/span><\/span><\/h3>\n\t\t\t\t\t<div class='learn-more-content'>A petici\u00f3n del amigo Jorge comenc\u00e9 a dibujar unas tiras sobre la historia de Arag\u00f3n en la clamor (\u00a1vaya historia!, en menudo l\u00edo me met\u00ed). En gran parte, ellos son los culpables de que ahora tengas esta publicaci\u00f3n en tus manos y oses leerla. All\u00e1 t\u00fa. Un apunte sobre la bandera. A tenor de las investigaciones parece ser que durante la Edad Medio no existi\u00f3 una bandera del Reino de Arag\u00f3n. Si hubo en cambio, un distintivo de los Reyes de Arag\u00f3n: los cuatro palos o\nbastonees de Gules sobre campo de oro. Este s\u00edmbolo fue de uso especifico de los Reyes Aragoneses. El primero en empl\u00e9arlas a modo de cancilleresco fue Don Alfonso II, rey de Arag\u00f3n<\/div>\n\t\t\t\t<\/div>\n","protected":false},"excerpt":{"rendered":"<p>Nac\u00ed en Monz\u00f3n, que no es poco, hace casi tres d\u00e9cadas.<\/p>\n","protected":false},"featured_media":4437,"comment_status":"open","ping_status":"closed","template":"","meta":{"_et_pb_use_builder":"","_et_pb_old_content":"","_et_gb_content_width":""},"product_brand":[],"product_cat":[265],"product_tag":[266],"class_list":{"0":"post-4436","1":"product","2":"type-product","3":"status-publish","4":"has-post-thumbnail","6":"product_cat-la-clamor","7":"product_tag-historia","8":"product_shipping_class-envio-estandar","10":"first","11":"instock","12":"taxable","13":"shipping-taxable","14":"purchasable","15":"product-type-simple"},"_links":{"self":[{"href":"https:\/\/v31.es\/booksonline\/wp-json\/wp\/v2\/product\/4436","targetHints":{"allow":["GET"]}}],"collection":[{"href":"https:\/\/v31.es\/booksonline\/wp-json\/wp\/v2\/product"}],"about":[{"href":"https:\/\/v31.es\/booksonline\/wp-json\/wp\/v2\/types\/product"}],"replies":[{"embeddable":true,"href":"https:\/\/v31.es\/booksonline\/wp-json\/wp\/v2\/comments?post=4436"}],"wp:featuredmedia":[{"embeddable":true,"href":"https:\/\/v31.es\/booksonline\/wp-json\/wp\/v2\/media\/4437"}],"wp:attachment":[{"href":"https:\/\/v31.es\/booksonline\/wp-json\/wp\/v2\/media?parent=4436"}],"wp:term":[{"taxonomy":"product_brand","embeddable":true,"href":"https:\/\/v31.es\/booksonline\/wp-json\/wp\/v2\/product_brand?post=4436"},{"taxonomy":"product_cat","embeddable":true,"href":"https:\/\/v31.es\/booksonline\/wp-json\/wp\/v2\/product_cat?post=4436"},{"taxonomy":"product_tag","embeddable":true,"href":"https:\/\/v31.es\/booksonline\/wp-json\/wp\/v2\/product_tag?post=4436"}],"curies":[{"name":"wp","href":"https:\/\/api.w.org\/{rel}","templated":true}]}}