{"id":569,"date":"2019-06-05T11:23:34","date_gmt":"2019-06-05T09:23:34","guid":{"rendered":"http:\/\/v31.es\/booksonline\/producto\/import-placeholder-for-531\/"},"modified":"2019-08-06T12:08:06","modified_gmt":"2019-08-06T10:08:06","slug":"mad-women-e-book","status":"publish","type":"product","link":"https:\/\/v31.es\/booksonline\/producto\/mad-women-e-book\/","title":{"rendered":"Mad women, e-book"},"content":{"rendered":"<p style=\"text-align: justify;\">Reyes Ferrer entrevista a algunas de las mujeres m\u00e1s representativas\u00a0del sector del marketing y la comunicaci\u00f3n comercial espa\u00f1olas.\u00a0Publicitarias, Relaciones P\u00fablicas, marketeras, brand\u00f3logas, CEO,\u00a0presidentas, aut\u00f3nomas\u2026 Todas ellas definen, a trav\u00e9s de sus acertadas\u00a0respuestas, las luces y la sombras de una profesi\u00f3n apasionante que\u00a0se reinventa y actualiza cada ma\u00f1ana.<\/p>\n<p style=\"text-align: justify;\"><div class='et-learn-more clearfix'>\n\t\t\t\t\t<h3 class='heading-more'>leer m\u00e1s<span class='et_learnmore_arrow'><span><\/span><\/span><\/h3>\n\t\t\t\t\t<div class='learn-more-content'>Estas mujeres hacen que comprar y vestir nos emocione y nos\u00a0identifique con la tribu en la que decidimos estar al elegir un producto. Todas las MAD WOMEN de este libro se confiesan enganchadas a un\u00a0trabajo que las mantiene alerta, en el que han luchado por encontrar su\u00a0oportunidad e identificarla consiguiendo destacar y hacer carrera. Todas\u00a0ellas suman. Montse Grau, Leo Solanes, Agatha Ruiz de la Prada, Mar\u00eda\u00a0Jos\u00e9 Isern Vi\u00f1as, Mar\u00eda G\u00f3mez del Pozuelo, Marisa de Madariaga,\u00a0Marta Insausti, Al\u00e8xia Herms, M\u00f3nica Deza, N\u00faria Vilanova, Mercedes\u00a0Pescador, Elisabeth Cabrero, Juana Manso, Teresa Ojer, Cristina\u00a0Zurutuza, Marta Aguirrezabal, Pilar Andrade, Ana Lamas, Sonia\u00a0Garc\u00eda, Mar\u00eda Gracia Losilla, Mayte Gonz\u00e1lez-Gil, Nuria Casanova,\u00a0Elisa Zaragoza, Marisa M\u00e1rquez, Susana Gaya, Lidia Sanz Montes,\u00a0Us\u00fae Madinaveitia, Minerva Piquero, Patricia Luj\u00e1n, Adriana Oliveros,\u00a0Gabriela D\u00edaz Guardamino, Ana de Castro Huerta, Alejandra\u00a0Ram\u00f3n, Luc\u00eda Arest\u00e9, Esther Valdivia, Gemma Cernuda, Chiqui B\u00faa,\u00a0Montserrat Tarr\u00e9s, Cristina Rey, M\u00f3nica Moro, M\u00aa Carmen Marco,\u00a0Alicia Malumbres y Laura Ros.<\/div>\n\t\t\t\t<\/div><\/p>\n","protected":false},"excerpt":{"rendered":"<p>Reyes Ferrer entrevista a algunas de las mujeres m\u00e1s representativas\u00a0del sector del marketing y la comunicaci\u00f3n comercial espa\u00f1olas.\u00a0Publicitarias, Relaciones P\u00fablicas, marketeras, brand\u00f3logas, CEO,\u00a0presidentas, aut\u00f3nomas\u2026 Todas ellas definen, a trav\u00e9s de sus acertadas\u00a0respuestas, las luces y la sombras de una profesi\u00f3n apasionante que\u00a0se reinventa y actualiza cada ma\u00f1ana.<\/p>\n","protected":false},"featured_media":552,"comment_status":"open","ping_status":"closed","template":"","meta":{"_et_pb_use_builder":"","_et_pb_old_content":"","_et_gb_content_width":""},"product_brand":[],"product_cat":[49,145,243],"product_tag":[45,73,47,74],"class_list":{"0":"post-569","1":"product","2":"type-product","3":"status-publish","4":"has-post-thumbnail","6":"product_cat-asi-se-hace","7":"product_cat-e-book","8":"product_cat-millenniars","9":"product_tag-aragon-tiene-talento","10":"product_tag-mad-women","11":"product_tag-millenniars","12":"product_tag-reyes-ferrer","13":"product_shipping_class-envio-estandar","15":"first","16":"instock","17":"downloadable","18":"virtual","19":"taxable","20":"purchasable","21":"product-type-simple"},"_links":{"self":[{"href":"https:\/\/v31.es\/booksonline\/wp-json\/wp\/v2\/product\/569","targetHints":{"allow":["GET"]}}],"collection":[{"href":"https:\/\/v31.es\/booksonline\/wp-json\/wp\/v2\/product"}],"about":[{"href":"https:\/\/v31.es\/booksonline\/wp-json\/wp\/v2\/types\/product"}],"replies":[{"embeddable":true,"href":"https:\/\/v31.es\/booksonline\/wp-json\/wp\/v2\/comments?post=569"}],"wp:featuredmedia":[{"embeddable":true,"href":"https:\/\/v31.es\/booksonline\/wp-json\/wp\/v2\/media\/552"}],"wp:attachment":[{"href":"https:\/\/v31.es\/booksonline\/wp-json\/wp\/v2\/media?parent=569"}],"wp:term":[{"taxonomy":"product_brand","embeddable":true,"href":"https:\/\/v31.es\/booksonline\/wp-json\/wp\/v2\/product_brand?post=569"},{"taxonomy":"product_cat","embeddable":true,"href":"https:\/\/v31.es\/booksonline\/wp-json\/wp\/v2\/product_cat?post=569"},{"taxonomy":"product_tag","embeddable":true,"href":"https:\/\/v31.es\/booksonline\/wp-json\/wp\/v2\/product_tag?post=569"}],"curies":[{"name":"wp","href":"https:\/\/api.w.org\/{rel}","templated":true}]}}